{"id":1068,"date":"2026-03-22T16:31:00","date_gmt":"2026-03-22T16:31:00","guid":{"rendered":"https:\/\/wp.vlthemes.me\/folim\/?post_type=portfolio&#038;p=1068"},"modified":"2026-04-02T17:04:26","modified_gmt":"2026-04-02T16:04:26","slug":"berlinische_galerie","status":"publish","type":"portfolio","link":"https:\/\/janmadeus.net\/en\/portfolio\/berlinische_galerie\/","title":{"rendered":"Berlinische Galerie"},"content":{"rendered":"\t\t<div data-elementor-type=\"wp-post\" data-elementor-id=\"1068\" class=\"elementor elementor-1068\" data-elementor-post-type=\"portfolio\">\n\t\t\t\t\t\t<section class=\"elementor-section elementor-top-section elementor-element elementor-element-24e42df elementor-section-full_width elementor-section-height-default elementor-section-height-default\" data-id=\"24e42df\" data-element_type=\"section\" data-e-type=\"section\">\n\t\t\t\t\t\t<div class=\"elementor-container elementor-column-gap-no\">\n\t\t\t\t\t<div class=\"elementor-column elementor-col-100 elementor-top-column elementor-element elementor-element-023802f\" data-id=\"023802f\" data-element_type=\"column\" data-e-type=\"column\">\n\t\t\t<div class=\"elementor-widget-wrap elementor-element-populated\">\n\t\t\t\t\t\t<div class=\"elementor-element elementor-element-d89855f elementor-widget elementor-widget-vlt-page-title\" data-id=\"d89855f\" data-element_type=\"widget\" data-e-type=\"widget\" data-settings=\"{&quot;aos_animation_name&quot;:&quot;none&quot;}\" data-widget_type=\"vlt-page-title.default\">\n\t\t\t\t<div class=\"elementor-widget-container\">\n\t\t\t\t\t\r\n\t\t<div class=\"vlt-page-title\">\r\n\r\n\t\t\t<div class=\"container\">\r\n\r\n\t\t\t\t<h1 class=\"vlt-page-title__heading\">Hi! Here is Our Works<\/h1><nav class=\"vlt-page-title__breadcrumbs\"><span><a href=\"https:\/\/janmadeus.net\/en\/\" ><span>Home<\/span><\/a><\/span> <span class=\"sep\"><i class=\"fa-regular fa-angles-right\"><\/i><\/span> <span class=\"current\">Portfolio<\/span><\/nav>\r\n\t\t\t<\/div>\r\n\r\n\t\t<\/div>\r\n\r\n\t\t<div id=\"d89855f\"><\/div>\r\n\r\n\t\t\t\t\t\t<\/div>\n\t\t\t\t<\/div>\n\t\t\t\t\t<\/div>\n\t\t<\/div>\n\t\t\t\t\t<\/div>\n\t\t<\/section>\n\t\t\t\t<section class=\"elementor-section elementor-top-section elementor-element elementor-element-a987588 elementor-reverse-tablet elementor-reverse-mobile elementor-section-boxed elementor-section-height-default elementor-section-height-default\" data-id=\"a987588\" data-element_type=\"section\" data-e-type=\"section\">\n\t\t\t\t\t\t<div class=\"elementor-container elementor-column-gap-extended\">\n\t\t\t\t\t<div class=\"elementor-column elementor-col-33 elementor-top-column elementor-element elementor-element-1cdae53\" data-id=\"1cdae53\" data-element_type=\"column\" data-e-type=\"column\">\n\t\t\t<div class=\"elementor-widget-wrap elementor-element-populated\">\n\t\t\t\t\t\t<div data-aos=\"custom\" data-aos-once=\"true\" class=\"elementor-element elementor-element-e154efa elementor-widget elementor-widget-vlt-heading\" data-id=\"e154efa\" data-element_type=\"widget\" data-e-type=\"widget\" data-settings=\"{&quot;aos_animation_name&quot;:&quot;custom&quot;}\" data-widget_type=\"vlt-heading.default\">\n\t\t\t\t<div class=\"elementor-widget-container\">\n\t\t\t\t\t\n\t\t<h1 class=\"vlt-heading\">\n\n\t\t\t\n\t\t\t\t\t\t\tBerlinische Galerie\t\t\t\n\t\t\t\n\t\t<\/h1>\n\n\t\t\t\t\t<\/div>\n\t\t\t\t<\/div>\n\t\t\t\t<div class=\"elementor-element elementor-element-3fbbf58 elementor-widget elementor-widget-spacer\" data-id=\"3fbbf58\" data-element_type=\"widget\" data-e-type=\"widget\" data-settings=\"{&quot;aos_animation_name&quot;:&quot;none&quot;}\" data-widget_type=\"spacer.default\">\n\t\t\t\t\t\t\t<div class=\"elementor-spacer\">\n\t\t\t<div class=\"elementor-spacer-inner\"><\/div>\n\t\t<\/div>\n\t\t\t\t\t\t<\/div>\n\t\t\t\t<div data-aos=\"custom\" data-aos-delay=\"100\" data-aos-once=\"true\" class=\"elementor-element elementor-element-be9838c elementor-drop-cap-yes elementor-drop-cap-view-default elementor-widget elementor-widget-text-editor\" data-id=\"be9838c\" data-element_type=\"widget\" data-e-type=\"widget\" data-settings=\"{&quot;drop_cap&quot;:&quot;yes&quot;,&quot;aos_animation_name&quot;:&quot;custom&quot;}\" data-widget_type=\"text-editor.default\">\n\t\t\t\t\t\t\t\t\t<p class=\"font-claude-response-body break-words whitespace-normal leading-[1.7]\">Das Geb\u00e4ude wurde 1964 als Glaslager in Kreuzberg errichtet. Architekt J\u00f6rg Fricke baute es zu einer luftigen Ausstellungshalle um \u2013 mit konsequenter Raumnutzung und hoher Funktionalit\u00e4t. Eine zweite Etage wurde hinzugef\u00fcgt, dazu Foyer, Bibliothek, Lesesaal und Auditorium. Seit 2004 ist es der feste Standort der Berlinischen Galerie.<\/p><p class=\"font-claude-response-body break-words whitespace-normal leading-[1.7]\">Was das Geb\u00e4ude fotografisch interessant macht, ist genau diese Spannung zwischen industriellem Ursprung und musealer Nutzung. Die klare, schmucklose Fassade, die gro\u00dfen Glasfl\u00e4chen, das ruhige Verh\u00e4ltnis zur Stra\u00dfe \u2013 das ist kein Geb\u00e4ude, das sich aufdr\u00e4ngt. Es zeigt sich erst, wenn man genauer hinschaut. Direkt vor dem Eingang: ein Schriftfeld aus gelben Buchstaben auf dem Boden \u2013 eines der erkennbarsten Gestaltungselemente des Hauses.\u00a0<\/p>\t\t\t\t\t\t\t\t<\/div>\n\t\t\t\t<div class=\"elementor-element elementor-element-9b7a524 elementor-widget elementor-widget-spacer\" data-id=\"9b7a524\" data-element_type=\"widget\" data-e-type=\"widget\" data-settings=\"{&quot;aos_animation_name&quot;:&quot;none&quot;}\" data-widget_type=\"spacer.default\">\n\t\t\t\t\t\t\t<div class=\"elementor-spacer\">\n\t\t\t<div class=\"elementor-spacer-inner\"><\/div>\n\t\t<\/div>\n\t\t\t\t\t\t<\/div>\n\t\t\t\t<div data-aos=\"custom\" data-aos-delay=\"200\" data-aos-once=\"true\" class=\"elementor-element elementor-element-24c6413 elementor-widget elementor-widget-html\" data-id=\"24c6413\" data-element_type=\"widget\" data-e-type=\"widget\" data-settings=\"{&quot;aos_animation_name&quot;:&quot;custom&quot;}\" data-widget_type=\"html.default\">\n\t\t\t\t\t<blockquote class=\"m-0\">Architektur braucht keine Geste, um zu \u00fcberzeugen \u2013 manchmal reicht die Klarheit einer Linie.<\/blockquote>\t\t\t\t<\/div>\n\t\t\t\t<div class=\"elementor-element elementor-element-93ddb82 elementor-widget elementor-widget-spacer\" data-id=\"93ddb82\" data-element_type=\"widget\" data-e-type=\"widget\" data-settings=\"{&quot;aos_animation_name&quot;:&quot;none&quot;}\" data-widget_type=\"spacer.default\">\n\t\t\t\t\t\t\t<div class=\"elementor-spacer\">\n\t\t\t<div class=\"elementor-spacer-inner\"><\/div>\n\t\t<\/div>\n\t\t\t\t\t\t<\/div>\n\t\t\t\t<div data-aos=\"custom\" data-aos-delay=\"300\" data-aos-once=\"true\" class=\"elementor-element elementor-element-e6f6699 elementor-widget elementor-widget-text-editor\" data-id=\"e6f6699\" data-element_type=\"widget\" data-e-type=\"widget\" data-settings=\"{&quot;aos_animation_name&quot;:&quot;custom&quot;}\" data-widget_type=\"text-editor.default\">\n\t\t\t\t\t\t\t\t\t<p>Inhaltlich sammelt das Museum Berliner Kunst von 1870 bis zur Gegenwart \u2013 mit Schwerpunkten auf Dada Berlin, Neuer Sachlichkeit und der Osteurop\u00e4ischen Avantgarde. \u00a0Ein Ort, der Architektur und Kunst konsequent zusammendenkt.<\/p>\t\t\t\t\t\t\t\t<\/div>\n\t\t\t\t<div class=\"elementor-element elementor-element-692f463 elementor-widget elementor-widget-spacer\" data-id=\"692f463\" data-element_type=\"widget\" data-e-type=\"widget\" data-settings=\"{&quot;aos_animation_name&quot;:&quot;none&quot;}\" data-widget_type=\"spacer.default\">\n\t\t\t\t\t\t\t<div class=\"elementor-spacer\">\n\t\t\t<div class=\"elementor-spacer-inner\"><\/div>\n\t\t<\/div>\n\t\t\t\t\t\t<\/div>\n\t\t\t\t<div data-aos=\"custom\" data-aos-delay=\"400\" data-aos-once=\"true\" class=\"elementor-element elementor-element-e009455 elementor-widget elementor-widget-vlt-social-icons\" data-id=\"e009455\" data-element_type=\"widget\" data-e-type=\"widget\" data-settings=\"{&quot;aos_animation_name&quot;:&quot;custom&quot;}\" data-widget_type=\"vlt-social-icons.default\">\n\t\t\t\t<div class=\"elementor-widget-container\">\n\t\t\t\t\t<a class=\"vlt-social-icon vlt-social-icon--style-1\" href=\"javascript:;\" data-url=\"https:\/\/janmadeus.net\/en\/portfolio\/berlinische_galerie\/\" data-title=\"Berlinische Galerie\" data-description=\"\" data-to=\"info@janmadeus.net\" data-subject=\"Jan Madeus \u2013 Architekturfotografie | \" data-hashtags=\"\" data-hashtag=\"\" data-image=\"https:\/\/janmadeus.net\/wp-content\/uploads\/2018\/05\/06_Berlinische_Galerie.jpg\" data-sharer=\"facebook\"><i class=\"socicon-fw socicon-facebook\"><\/i><\/a><a class=\"vlt-social-icon vlt-social-icon--style-1\" href=\"javascript:;\" data-url=\"https:\/\/janmadeus.net\/en\/portfolio\/berlinische_galerie\/\" data-title=\"Berlinische Galerie\" data-description=\"\" data-to=\"info@janmadeus.net\" data-subject=\"Jan Madeus \u2013 Architekturfotografie | \" data-hashtags=\"\" data-hashtag=\"\" data-image=\"https:\/\/janmadeus.net\/wp-content\/uploads\/2018\/05\/06_Berlinische_Galerie.jpg\" data-sharer=\"twitter\"><i class=\"socicon-fw socicon-twitter\"><\/i><\/a><a class=\"vlt-social-icon vlt-social-icon--style-1\" href=\"javascript:;\" data-url=\"https:\/\/janmadeus.net\/en\/portfolio\/berlinische_galerie\/\" data-title=\"Berlinische Galerie\" data-description=\"\" data-to=\"info@janmadeus.net\" data-subject=\"Jan Madeus \u2013 Architekturfotografie | \" data-hashtags=\"\" data-hashtag=\"\" data-image=\"https:\/\/janmadeus.net\/wp-content\/uploads\/2018\/05\/06_Berlinische_Galerie.jpg\" data-sharer=\"linkedin\"><i class=\"socicon-fw socicon-linkedin\"><\/i><\/a><a class=\"vlt-social-icon vlt-social-icon--style-1\" href=\"javascript:;\" data-url=\"https:\/\/janmadeus.net\/en\/portfolio\/berlinische_galerie\/\" data-title=\"Berlinische Galerie\" data-description=\"\" data-to=\"info@janmadeus.net\" data-subject=\"Jan Madeus \u2013 Architekturfotografie | \" data-hashtags=\"\" data-hashtag=\"\" data-image=\"https:\/\/janmadeus.net\/wp-content\/uploads\/2018\/05\/06_Berlinische_Galerie.jpg\" data-sharer=\"pinterest\"><i class=\"socicon-fw socicon-pinterest\"><\/i><\/a>\t\t\t\t<\/div>\n\t\t\t\t<\/div>\n\t\t\t\t\t<\/div>\n\t\t<\/div>\n\t\t\t\t<div class=\"elementor-column elementor-col-66 elementor-top-column elementor-element elementor-element-db5d948\" data-id=\"db5d948\" data-element_type=\"column\" data-e-type=\"column\">\n\t\t\t<div class=\"elementor-widget-wrap elementor-element-populated\">\n\t\t\t\t\t\t<div data-aos=\"custom\" data-aos-delay=\"500\" data-aos-once=\"true\" class=\"elementor-element elementor-element-06e4b40 elementor-widget elementor-widget-vlt-justified-gallery\" data-id=\"06e4b40\" data-element_type=\"widget\" data-e-type=\"widget\" data-settings=\"{&quot;aos_animation_name&quot;:&quot;custom&quot;}\" data-widget_type=\"vlt-justified-gallery.default\">\n\t\t\t\t<div class=\"elementor-widget-container\">\n\t\t\t\t\t\n\t\t<div class=\"vlt-justified-gallery\" data-row-height=\"220\" data-margins=\"30\" data-last-row=\"justify\">\n\n\t\t\t<div><div class=\"vlt-simple-image\"><img decoding=\"async\" src=\"https:\/\/janmadeus.net\/wp-content\/uploads\/2026\/04\/06a_Berlinische_Galerie.jpg\" alt=\"Berlinische Galerie\" loading=\"lazy\"\/><ul class=\"vlt-simple-image__buttons\"><li><a data-fancybox=\"06e4b40\" href=\"https:\/\/janmadeus.net\/wp-content\/uploads\/2026\/04\/06a_Berlinische_Galerie.jpg\" data-caption=\"\"><i class=\"fa-regular fa-expand\"><\/i><\/a><\/li><li><a href=\"javascript:;\" data-sharer=\"pinterest\" data-url=https:\/\/janmadeus.net\/wp-content\/uploads\/2026\/04\/06a_Berlinische_Galerie.jpg\"><i class=\"socicon-pinterest\"><\/i><\/a><\/li><\/ul><span><\/span><\/div><\/div><div><div class=\"vlt-simple-image\"><img decoding=\"async\" src=\"https:\/\/janmadeus.net\/wp-content\/uploads\/2026\/04\/06b_Berlinische_Galerie.jpg\" alt=\"Berlinische Galerie\" loading=\"lazy\"\/><ul class=\"vlt-simple-image__buttons\"><li><a data-fancybox=\"06e4b40\" href=\"https:\/\/janmadeus.net\/wp-content\/uploads\/2026\/04\/06b_Berlinische_Galerie.jpg\" data-caption=\"\"><i class=\"fa-regular fa-expand\"><\/i><\/a><\/li><li><a href=\"javascript:;\" data-sharer=\"pinterest\" data-url=https:\/\/janmadeus.net\/wp-content\/uploads\/2026\/04\/06b_Berlinische_Galerie.jpg\"><i class=\"socicon-pinterest\"><\/i><\/a><\/li><\/ul><span><\/span><\/div><\/div><div><div class=\"vlt-simple-image\"><img decoding=\"async\" src=\"https:\/\/janmadeus.net\/wp-content\/uploads\/2026\/04\/06c_Berlinische_Galerie.jpg\" alt=\"Berlinische Galerie\" loading=\"lazy\"\/><ul class=\"vlt-simple-image__buttons\"><li><a data-fancybox=\"06e4b40\" href=\"https:\/\/janmadeus.net\/wp-content\/uploads\/2026\/04\/06c_Berlinische_Galerie.jpg\" data-caption=\"\"><i class=\"fa-regular fa-expand\"><\/i><\/a><\/li><li><a href=\"javascript:;\" data-sharer=\"pinterest\" data-url=https:\/\/janmadeus.net\/wp-content\/uploads\/2026\/04\/06c_Berlinische_Galerie.jpg\"><i class=\"socicon-pinterest\"><\/i><\/a><\/li><\/ul><span><\/span><\/div><\/div>\n\t\t<\/div>\n\n\t\t\t\t\t\t<\/div>\n\t\t\t\t<\/div>\n\t\t\t\t\t<\/div>\n\t\t<\/div>\n\t\t\t\t\t<\/div>\n\t\t<\/section>\n\t\t\t\t<\/div>\n\t\t","protected":false},"excerpt":{"rendered":"<p>Hi! Here is Our Works Home Portfolio Berlinische Galerie Das Geb\u00e4ude wurde 1964 als Glaslager in Kreuzberg errichtet. Architekt J\u00f6rg Fricke baute es zu einer luftigen Ausstellungshalle um \u2013 mit konsequenter Raumnutzung und hoher Funktionalit\u00e4t. Eine zweite Etage wurde hinzugef\u00fcgt, dazu Foyer, Bibliothek, Lesesaal und Auditorium. Seit 2004 ist es der feste Standort der Berlinischen [&hellip;]<\/p>\n","protected":false},"author":1,"featured_media":4907,"menu_order":11,"comment_status":"closed","ping_status":"closed","template":"","format":"standard","meta":{"_acf_changed":false,"om_disable_all_campaigns":false,"_monsterinsights_skip_tracking":false,"_monsterinsights_sitenote_active":false,"_monsterinsights_sitenote_note":"","_monsterinsights_sitenote_category":0,"_uf_show_specific_survey":0,"_uf_disable_surveys":false,"_vp_format_video_url":"","_vp_image_focal_point":[],"footnotes":""},"portfolio_category":[30],"portfolio_tag":[32,43,37,41],"class_list":["post-1068","portfolio","type-portfolio","status-publish","format-standard","has-post-thumbnail","hentry","portfolio_category-hauser","portfolio_tag-berlin","portfolio_tag-berlinische-galerie","portfolio_tag-galerie","portfolio_tag-kunst"],"acf":[],"aioseo_notices":[],"_links":{"self":[{"href":"https:\/\/janmadeus.net\/en\/wp-json\/wp\/v2\/portfolio\/1068","targetHints":{"allow":["GET"]}}],"collection":[{"href":"https:\/\/janmadeus.net\/en\/wp-json\/wp\/v2\/portfolio"}],"about":[{"href":"https:\/\/janmadeus.net\/en\/wp-json\/wp\/v2\/types\/portfolio"}],"author":[{"embeddable":true,"href":"https:\/\/janmadeus.net\/en\/wp-json\/wp\/v2\/users\/1"}],"replies":[{"embeddable":true,"href":"https:\/\/janmadeus.net\/en\/wp-json\/wp\/v2\/comments?post=1068"}],"version-history":[{"count":5,"href":"https:\/\/janmadeus.net\/en\/wp-json\/wp\/v2\/portfolio\/1068\/revisions"}],"predecessor-version":[{"id":4914,"href":"https:\/\/janmadeus.net\/en\/wp-json\/wp\/v2\/portfolio\/1068\/revisions\/4914"}],"wp:featuredmedia":[{"embeddable":true,"href":"https:\/\/janmadeus.net\/en\/wp-json\/wp\/v2\/media\/4907"}],"wp:attachment":[{"href":"https:\/\/janmadeus.net\/en\/wp-json\/wp\/v2\/media?parent=1068"}],"wp:term":[{"taxonomy":"portfolio_category","embeddable":true,"href":"https:\/\/janmadeus.net\/en\/wp-json\/wp\/v2\/portfolio_category?post=1068"},{"taxonomy":"portfolio_tag","embeddable":true,"href":"https:\/\/janmadeus.net\/en\/wp-json\/wp\/v2\/portfolio_tag?post=1068"}],"curies":[{"name":"wp","href":"https:\/\/api.w.org\/{rel}","templated":true}]}}